
{"id":865,"date":"2024-10-16T08:05:01","date_gmt":"2024-10-16T08:05:01","guid":{"rendered":"https:\/\/elprincipaldecorsega.com\/\/portfolio\/dominica-sanchez\/"},"modified":"2025-05-14T10:27:01","modified_gmt":"2025-05-14T10:27:01","slug":"dominica-sanchez","status":"publish","type":"portfolio","link":"https:\/\/elprincipaldecorsega.com\/fr\/artistes\/dominica-sanchez\/","title":{"rendered":"Dominica S\u00e1nchez"},"content":{"rendered":"<div class=\"wpb-content-wrapper\">[vc_row][vc_column][vc_column_text css=\u00a0\u00bb\u00a0\u00bb el_class=\u00a0\u00bbartist-header\u00a0\u00bb]\r\n<h2>Artistes<\/h2>\r\n[\/vc_column_text][\/vc_column][\/vc_row][vc_row css=\u00a0\u00bb.vc_custom_1724521804683{margin-bottom: 32px !important;}\u00a0\u00bb][vc_column width=\u00a0\u00bb1\/3&Prime;][vc_btn title=\u00a0\u00bb\u00a0\u00bb shape=\u00a0\u00bbround\u00a0\u00bb i_icon_fontawesome=\u00a0\u00bbfas fa-times\u00a0\u00bb css=\u00a0\u00bb\u00a0\u00bb add_icon=\u00a0\u00bbtrue\u00a0\u00bb link=\u00a0\u00bburl:https%3A%2F%2FTO_REPLACE%2Fartistes%2F|title:Artistes|\u00a0\u00bb el_class=\u00a0\u00bbgo-back-mobile\u00a0\u00bb][vc_single_image image=\u00a0\u00bb440&Prime; img_size=\u00a0\u00bb600&#215;600&Prime; css=\u00a0\u00bb\u00a0\u00bb][\/vc_column][vc_column width=\u00a0\u00bb2\/3&Prime; el_class=\u00a0\u00bbartist-description\u00a0\u00bb][vc_btn title=\u00a0\u00bb\u00a0\u00bb shape=\u00a0\u00bbround\u00a0\u00bb i_icon_fontawesome=\u00a0\u00bbfas fa-times\u00a0\u00bb css=\u00a0\u00bb\u00a0\u00bb add_icon=\u00a0\u00bbtrue\u00a0\u00bb link=\u00a0\u00bburl:https%3A%2F%2FTO_REPLACE%2Fartistes%2F|title:Artistes|\u00a0\u00bb el_class=\u00a0\u00bbgo-back\u00a0\u00bb][vc_column_text css=\u00a0\u00bb\u00a0\u00bb el_class=\u00a0\u00bbartist\u00a0\u00bb]\r\n<h1>Dominica S\u00e1nchez<\/h1>\r\n[\/vc_column_text][vc_column_text css=\u00a0\u00bb\u00a0\u00bb]N\u00e9e \u00e0 Barcelone en 1945, Dominica S\u00e1nchez s\u2019est form\u00e9e \u00e0 l\u2019\u00c9cole des Arts et M\u00e9tiers Llotja, puis a \u00e9tudi\u00e9 la gravure au Centre International de Recherche Graphique de Calella, ville dans laquelle elle r\u00e9side actuellement.\n\nS\u00e1nchez est une artiste tr\u00e8s appr\u00e9ci\u00e9e pour ses \u0153uvres sur papier, en particulier ses pi\u00e8ces de grand format r\u00e9alis\u00e9es au pastel et au charbon. Dans ces \u0153uvres, on retrouve des g\u00e9om\u00e9tries singuli\u00e8res que l\u2019artiste explore de mani\u00e8re r\u00e9currente jusqu\u2019\u00e0 les rendre siennes : cercles, triangles, lignes entrecrois\u00e9es et m\u00eame des r\u00e9f\u00e9rences au monde musical, toujours avec des gestes rythmiques et intuitifs. Cependant, son travail ne se limite pas au domaine du dessin et de la gravure, il s\u2019\u00e9tend \u00e9galement \u00e0 la peinture et \u00e0 la sculpture en fer, toujours avec des r\u00e9sonances cubistes et constructivistes.  \n\nL\u2019artiste elle-m\u00eame explique que la gestuelle de son \u0153uvre est tr\u00e8s similaire \u00e0 celle qu\u2019elle utilise dans les t\u00e2ches de son environnement domestique. Bien qu\u2019elle \u00e9vite toute gentillesse conventionnelle \u2014 son esth\u00e9tique aust\u00e8re et rigoureuse ayant probablement beaucoup \u00e0 voir avec la duret\u00e9 de son enfance pendant la p\u00e9riode d\u2019apr\u00e8s-guerre \u2014, son travail reste intime et chaleureux. La critique Maria Llu\u00efsa Borr\u00e0s la place d\u2019ailleurs dans la lign\u00e9e de la peinture spirituelle catalane, soulignant son introspection et son caract\u00e8re \u00e9vocateur.  \n\nDominica S\u00e1nchez poss\u00e8de une longue carri\u00e8re ; elle a particip\u00e9 \u00e0 de nombreuses expositions individuelles et collectives depuis le milieu des ann\u00e9es 1990, dans des mus\u00e9es et galeries tant nationaux qu\u2019internationaux, notamment en France, en Suisse, en Allemagne et m\u00eame aux \u00c9tats-Unis.\n\n<a href=\"https:\/\/dominicasanchez.com\/en\/home\/\" target=\"_blank\" rel=\"noopener\">Web Dominica S\u00e1nchez<\/a>[\/vc_column_text][\/vc_column][\/vc_row][vc_row][vc_column][vc_masonry_media_grid css=\u00a0\u00bb\u00a0\u00bb grid_id=\u00a0\u00bbvc_gid:1736634769973-9f5cc024-c365-10&Prime; include=\u00a0\u00bb498,502,506&Prime;][\/vc_column][\/vc_row]<\/div>","protected":false},"excerpt":{"rendered":"Dominica S\u00e1nchez cr\u00e9e un univers sobre et intime \u00e0 travers le dessin, la peinture et la sculpture, o\u00f9 le geste et la g\u00e9om\u00e9trie deviennent des formes de contemplation et de m\u00e9moire.","protected":false},"featured_media":442,"parent":0,"menu_order":0,"comment_status":"closed","ping_status":"closed","template":"","tags":[],"class_list":["post-865","portfolio","type-portfolio","status-publish","has-post-thumbnail","hentry"],"acf":[],"_links":{"self":[{"href":"https:\/\/elprincipaldecorsega.com\/fr\/wp-json\/wp\/v2\/portfolio\/865","targetHints":{"allow":["GET"]}}],"collection":[{"href":"https:\/\/elprincipaldecorsega.com\/fr\/wp-json\/wp\/v2\/portfolio"}],"about":[{"href":"https:\/\/elprincipaldecorsega.com\/fr\/wp-json\/wp\/v2\/types\/portfolio"}],"replies":[{"embeddable":true,"href":"https:\/\/elprincipaldecorsega.com\/fr\/wp-json\/wp\/v2\/comments?post=865"}],"version-history":[{"count":2,"href":"https:\/\/elprincipaldecorsega.com\/fr\/wp-json\/wp\/v2\/portfolio\/865\/revisions"}],"predecessor-version":[{"id":867,"href":"https:\/\/elprincipaldecorsega.com\/fr\/wp-json\/wp\/v2\/portfolio\/865\/revisions\/867"}],"wp:featuredmedia":[{"embeddable":true,"href":"https:\/\/elprincipaldecorsega.com\/fr\/wp-json\/wp\/v2\/media\/442"}],"wp:attachment":[{"href":"https:\/\/elprincipaldecorsega.com\/fr\/wp-json\/wp\/v2\/media?parent=865"}],"wp:term":[{"taxonomy":"post_tag","embeddable":true,"href":"https:\/\/elprincipaldecorsega.com\/fr\/wp-json\/wp\/v2\/tags?post=865"}],"curies":[{"name":"wp","href":"https:\/\/api.w.org\/{rel}","templated":true}]}}