
{"id":872,"date":"2024-08-15T11:21:48","date_gmt":"2024-08-15T11:21:48","guid":{"rendered":"https:\/\/elprincipaldecorsega.com\/\/by-sonia-villegas\/"},"modified":"2025-05-16T08:23:06","modified_gmt":"2025-05-16T08:23:06","slug":"by-sonia-villegas","status":"publish","type":"page","link":"https:\/\/elprincipaldecorsega.com\/fr\/by-sonia-villegas\/","title":{"rendered":"By S\u00f2nia Villegas"},"content":{"rendered":"<div class=\"wpb-content-wrapper\">[vc_row][vc_column][vc_column_text]\r\n<h1>By S\u00f2nia Villegas<\/h1>\r\n[\/vc_column_text][\/vc_column][\/vc_row][vc_row][vc_column width=\u00a0\u00bb2\/3&Prime;][vc_row_inner css=\u00a0\u00bb.vc_custom_1725481694839{background-image: url(https:\/\/elprincipaldecorsega.com\/\/wp-content\/uploads\/2024\/09\/bysonia-cmpr-scaled.jpg?id=263) !important;background-position: center !important;background-repeat: no-repeat !important;background-size: cover !important;}\u00a0\u00bb el_class=\u00a0\u00bbimage-gradient\u00a0\u00bb][vc_column_inner][vc_column_text css=\u00a0\u00bb\u00a0\u00bb]S\u00f2nia Villegas (Barcelone, 1968) est une professionnelle \u00e9minente dans le domaine de l&rsquo;art et de la gestion culturelle, avec une longue carri\u00e8re au sein d&rsquo;institutions de renom telles que la Fundaci\u00f3 Joan Mir\u00f3 et le Museu Picasso de Barcelone. Gr\u00e2ce \u00e0 une solide formation acad\u00e9mique et une exp\u00e9rience internationale, elle a dirig\u00e9 des projets embl\u00e9matiques et a contribu\u00e9 de mani\u00e8re significative au monde de l&rsquo;art contemporain.[\/vc_column_text][\/vc_column_inner][\/vc_row_inner][vc_row_inner css=\u00a0\u00bb.vc_custom_1725892563015{margin-bottom: 32px !important;}\u00a0\u00bb][vc_column_inner][vc_column_text css=\u00a0\u00bb\u00a0\u00bb]De 2018 \u00e0 2023, S\u00f2nia Villegas a \u00e9t\u00e9 coordinatrice g\u00e9n\u00e9rale de la zone artistique de la Fundaci\u00f3 Joan Mir\u00f3-CEAC de Barcelone. Elle supervisait cinq grands d\u00e9partements : Collections, Restauration, Expositions, Publications et Programmes publics et \u00c9ducation, ainsi que le bureau des expositions itin\u00e9rantes de la Fondation.<br>Jusqu\u2019en 2017, et pendant dix ans, elle a exerc\u00e9 en tant que conservatrice des collections et des expositions de cette m\u00eame fondation, ainsi que coordinatrice de la chaire Mir\u00f3 et du International Mir\u00f3 Research Group.  \n\nAvant son parcours \u00e0 la Fundaci\u00f3 Joan Mir\u00f3, elle a \u00e9t\u00e9 conservatrice en chef du Museu Picasso de Barcelone (jusqu\u2019en 2009), o\u00f9 elle a travaill\u00e9 pendant quinze ans en tant que responsable de la programmation, des collections et de la recherche, ainsi que coordinatrice des expositions temporaires, tant nationales qu\u2019internationales.\n\nElle est dipl\u00f4m\u00e9e en Histoire de l&rsquo;Art de l&rsquo;Universit\u00e9 de Barcelone (UB) et de l&rsquo;Universit\u00e9 Paris IV-Sorbonne, titulaire d\u2019un Master en Gestion Culturelle de l&rsquo;Universit\u00e9 de Barcelone (UB-Fundaci\u00f3 Bosch i Gimpera) et est actuellement doctorante en Histoire de l&rsquo;Art \u00e0 l&rsquo;Universit\u00e9 de Barcelone (UB). Elle poss\u00e8de \u00e9galement un dipl\u00f4me sup\u00e9rieur de Musique du Conservatori Superior de M\u00fasica del Liceu de Barcelone. \n\nElle a organis\u00e9 des expositions pour diverses institutions, dont l\u2019exposition \u201cJean Dubuffet\u201d \u00e0 la Galerie Marc Dom\u00e8nech, qui a remport\u00e9 le prix ACCA en 2015. Elle a \u00e9galement \u00e9t\u00e9 professeur du Master en Gestion des Institutions Culturelles \u00e0 l\u2019Universit\u00e9 Internationale de Catalogne (UIC) pendant cinq ans. Elle est l\u2019auteure de nombreux articles sur l&rsquo;art, en particulier sur les \u0153uvres de Pablo Picasso, Joan Mir\u00f3 et leurs contemporains, publi\u00e9s dans des livres, des catalogues d\u2019expositions, des revues et d\u2019autres publications sp\u00e9cialis\u00e9es. \n\nSon travail le plus r\u00e9cent et le plus remarquable a \u00e9t\u00e9 la curation et la coordination g\u00e9n\u00e9rale de \u201cMir\u00f3-Picasso\u201d, une exposition organis\u00e9e simultan\u00e9ment \u00e0 la Fundaci\u00f3 Joan Mir\u00f3 et au Museu Picasso de Barcelone pendant l&rsquo;automne-hiver 2023-2024, et r\u00e9compens\u00e9e par les prix ACCA, GAC et TimeOut Culture.\n\nElle a fait partie du jury de divers prix, dont le Prix et Bourse Pilar Juncosa et Sotheby\u2019s de recherche sur Mir\u00f3 et son contexte artistique et culturel 2024, organis\u00e9 par Mir\u00f3 Mallorca.\n\nElle est membre de l&rsquo;ICOM (Conseil International des Mus\u00e9es), de l&rsquo;ICEE (Comit\u00e9 International pour l\u2019\u00c9change d&rsquo;Expositions), du CIMAM (Comit\u00e9 International pour les Mus\u00e9es et les Collections d&rsquo;Art Moderne) et de l&rsquo;IEO (Organisateurs d\u2019Expositions Internationales).[\/vc_column_text][\/vc_column_inner][\/vc_row_inner][\/vc_column][vc_column width=\u00a0\u00bb1\/3&Prime; css=\u00a0\u00bb.vc_custom_1724518940454{padding-top: 20px !important;padding-right: 20px !important;padding-bottom: 20px !important;padding-left: 20px !important;background-color: #f8eee3 !important;}\u00a0\u00bb el_class=\u00a0\u00bborange-aside\u00a0\u00bb][vc_column_text css=\u00a0\u00bb\u00a0\u00bb]<strong>Coordinatrice G\u00e9n\u00e9rale du Domaine Artistique de la Fundaci\u00f3 Joan Mir\u00f3 (2018-2023).<\/strong> Responsable de tous les d\u00e9partements artistiques et du bureau des expositions itin\u00e9rantes.[\/vc_column_text][vc_empty_space][vc_column_text css=\u00a0\u00bb\u00a0\u00bb]<strong>Commissaire et Coordinatrice g\u00e9n\u00e9rale de l\u2019exposition \u201cMir\u00f3-Picasso\u201d (2023-2024)<\/strong>, un projet r\u00e9compens\u00e9 par les prix ACCA, GAC et TimeOut Culture.[\/vc_column_text][vc_empty_space][vc_column_text css=\u00a0\u00bb\u00a0\u00bb]<strong>Conservatrice des Collections et Coordinatrice des Expositions \u00e0 la Fundaci\u00f3 Joan Mir\u00f3 (2007-2017).<\/strong> Coordinatrice \u00e9galement de la Chaire Mir\u00f3 et du Groupe de Recherche International Mir\u00f3.[\/vc_column_text][vc_empty_space][vc_column_text css=\u00a0\u00bb\u00a0\u00bb]<strong>Conservatrice en chef du Museu Picasso de Barcelone (1994-2009).<\/strong> Quinze ans d\u2019exp\u00e9rience dans la programmation artistique, la gestion des collections, la recherche, ainsi que dans la coordination des expositions temporaires.[\/vc_column_text][vc_empty_space][vc_column_text css=\u00a0\u00bb\u00a0\u00bb]<strong>Commissaire ind\u00e9pendante d&rsquo;expositions d&rsquo;art.<\/strong> Elle a notamment organis\u00e9 l\u2019exposition \u201cJean Dubuffet\u201d \u00e0 la Galerie Marc Dom\u00e8nech en 2015, laur\u00e9ate du prix ACCA.[\/vc_column_text][\/vc_column][\/vc_row]<\/div>","protected":false},"excerpt":{"rendered":"[vc_row][vc_column][vc_column_text] By S\u00f2nia Villegas [\/vc_column_text][\/vc_column][\/vc_row][vc_row][vc_column width=\u00a0\u00bb2\/3&Prime;][vc_row_inner css=\u00a0\u00bb.vc_custom_1725481694839{background-image: url(https:\/\/elprincipaldecorsega.com\/\/wp-content\/uploads\/2024\/09\/bysonia-cmpr-scaled.jpg?id=263) !important;background-position: center !important;background-repeat: no-repeat !important;background-size: cover !important;}\u00a0\u00bb el_class=\u00a0\u00bbimage-gradient\u00a0\u00bb][vc_column_inner][vc_column_text css=\u00a0\u00bb\u00a0\u00bb]S\u00f2nia Villegas (Barcelone, 1968) est une professionnelle \u00e9minente dans le domaine de l&rsquo;art et de la gestion culturelle, avec une longue carri\u00e8re au sein d&rsquo;institutions de renom telles que la Fundaci\u00f3 Joan Mir\u00f3 et le Museu Picasso de Barcelone.&hellip;","protected":false},"author":1,"featured_media":0,"parent":0,"menu_order":0,"comment_status":"closed","ping_status":"closed","template":"","meta":{"_acf_changed":false,"_monsterinsights_skip_tracking":false,"_monsterinsights_sitenote_active":false,"_monsterinsights_sitenote_note":"","_monsterinsights_sitenote_category":0,"footnotes":""},"class_list":["post-872","page","type-page","status-publish","hentry"],"acf":[],"_links":{"self":[{"href":"https:\/\/elprincipaldecorsega.com\/fr\/wp-json\/wp\/v2\/pages\/872","targetHints":{"allow":["GET"]}}],"collection":[{"href":"https:\/\/elprincipaldecorsega.com\/fr\/wp-json\/wp\/v2\/pages"}],"about":[{"href":"https:\/\/elprincipaldecorsega.com\/fr\/wp-json\/wp\/v2\/types\/page"}],"author":[{"embeddable":true,"href":"https:\/\/elprincipaldecorsega.com\/fr\/wp-json\/wp\/v2\/users\/1"}],"replies":[{"embeddable":true,"href":"https:\/\/elprincipaldecorsega.com\/fr\/wp-json\/wp\/v2\/comments?post=872"}],"version-history":[{"count":7,"href":"https:\/\/elprincipaldecorsega.com\/fr\/wp-json\/wp\/v2\/pages\/872\/revisions"}],"predecessor-version":[{"id":962,"href":"https:\/\/elprincipaldecorsega.com\/fr\/wp-json\/wp\/v2\/pages\/872\/revisions\/962"}],"wp:attachment":[{"href":"https:\/\/elprincipaldecorsega.com\/fr\/wp-json\/wp\/v2\/media?parent=872"}],"curies":[{"name":"wp","href":"https:\/\/api.w.org\/{rel}","templated":true}]}}