
{"id":1016,"date":"2024-08-15T16:34:46","date_gmt":"2024-08-15T16:34:46","guid":{"rendered":"https:\/\/elprincipaldecorsega.com\/\/exposicions\/vida\/"},"modified":"2025-06-03T14:26:07","modified_gmt":"2025-06-03T14:26:07","slug":"vida","status":"publish","type":"exposicions","link":"https:\/\/elprincipaldecorsega.com\/fr\/exposicions\/vida\/","title":{"rendered":"\u00ab Vida\u00bb"},"content":{"rendered":"<div class=\"wpb-content-wrapper\">[vc_row css=\u00a0\u00bb.vc_custom_1725805389868{margin-bottom: 32px !important;}\u00a0\u00bb][vc_column][vc_column_text css=\u00a0\u00bb\u00a0\u00bb]\r\n<h6>Du 31 mai au 30 septembre 2024<\/h6>\n\u00ab Vida \u00bb est la 0\u00e8me exposition d&rsquo;El Principal de C\u00f2rsega. Bas\u00e9e sur la s\u00e9rie de peintures et de dessins du m\u00eame titre d&rsquo;I\u00f1aki Moreno, malheureusement d\u00e9c\u00e9d\u00e9, l&rsquo;exposition rassemble les \u0153uvres de 18 autres artistes dont le motif central est les arbres et la nature en g\u00e9n\u00e9ral comme g\u00e9n\u00e9rateur de vie : I\u00f1aki Moreno, Laura Baringo, Luc\u00eda Blanco, Toni Camarasa, Anna Esplandiu, Matilde Grau, Sylvia Guti\u00e9rrez S\u00e1nchez, Ramon Herreros, Oriol Jolonch, Alexis Lago, Miquel. Lligadas, Jordi Llop, Bigas Luna, Ciella Mar, Leila M\u00e9ndez, Fina Oliver, Llu\u00eds Vent\u00f3s, J\u00falia VR Bosch et Sonya Villang\u00f3mez.[\/vc_column_text][\/vc_column][\/vc_row][vc_row][vc_column][vc_masonry_media_grid css=\u00a0\u00bb\u00a0\u00bb grid_id=\u00a0\u00bbvc_gid:1736635171698-7a3343c1-6ec0-3&Prime; include=\u00a0\u00bb280,281,279,278,277,275&Prime;][\/vc_column][\/vc_row]<\/div>","protected":false},"excerpt":{"rendered":"\u00ab Vida \u00bb est l&rsquo;exposition 0 d&rsquo;El Principal de C\u00f2rsega. \u00c0 partir de la s\u00e9rie de peintures et de dessins du m\u00eame titre de I\u00f1aki Moreno, malheureusement d\u00e9c\u00e9d\u00e9, il rassemble le travail de 18 autres artistes, dont les \u0153uvres ont pour motif central les arbres et la nature en g\u00e9n\u00e9ral comme g\u00e9n\u00e9rateurs de vie: I\u00f1aki Moreno, Laura Baringo, Luc\u00eda Blanco, Toni Camarasa, Anna Esplandiu, Matilde Grau, Sylvia Guti\u00e9rrez S\u00e1nchez, Ramon Herreros, Oriol Jolonch, Alexis Lago, Miquel Lligadas, Jordi Llop, Bigas Luna, Ciella Mar, Leila M\u00e9ndez, Fina Oliver, Llu\u00eds Vent\u00f3s, J\u00falia VR Bosch et Sonya Villang\u00f3mez. ","protected":false},"featured_media":1018,"parent":0,"template":"","meta":{"_acf_changed":false,"_monsterinsights_skip_tracking":false,"_monsterinsights_sitenote_active":false,"_monsterinsights_sitenote_note":"","_monsterinsights_sitenote_category":0},"categoria-expos":[26],"class_list":["post-1016","exposicions","type-exposicions","status-publish","has-post-thumbnail","hentry","categoria-expos-exposicions"],"acf":[],"_links":{"self":[{"href":"https:\/\/elprincipaldecorsega.com\/fr\/wp-json\/wp\/v2\/exposicions\/1016","targetHints":{"allow":["GET"]}}],"collection":[{"href":"https:\/\/elprincipaldecorsega.com\/fr\/wp-json\/wp\/v2\/exposicions"}],"about":[{"href":"https:\/\/elprincipaldecorsega.com\/fr\/wp-json\/wp\/v2\/types\/exposicions"}],"wp:featuredmedia":[{"embeddable":true,"href":"https:\/\/elprincipaldecorsega.com\/fr\/wp-json\/wp\/v2\/media\/1018"}],"wp:attachment":[{"href":"https:\/\/elprincipaldecorsega.com\/fr\/wp-json\/wp\/v2\/media?parent=1016"}],"wp:term":[{"taxonomy":"categoria-expos","embeddable":true,"href":"https:\/\/elprincipaldecorsega.com\/fr\/wp-json\/wp\/v2\/categoria-expos?post=1016"}],"curies":[{"name":"wp","href":"https:\/\/api.w.org\/{rel}","templated":true}]}}