
{"id":1081,"date":"2025-11-10T12:06:42","date_gmt":"2025-11-10T12:06:42","guid":{"rendered":"https:\/\/elprincipaldecorsega.com\/portfolio\/ramon-herreros\/"},"modified":"2025-11-10T12:13:02","modified_gmt":"2025-11-10T12:13:02","slug":"ramon-herreros","status":"publish","type":"portfolio","link":"https:\/\/elprincipaldecorsega.com\/es\/artistes\/ramon-herreros\/","title":{"rendered":"Ramon Herreros"},"content":{"rendered":"<div class=\"wpb-content-wrapper\">[vc_row][vc_column][vc_column_text css=\u00bb\u00bb el_class=\u00bbartist-header\u00bb]\r\n<h2>Artistas<\/h2>\r\n[\/vc_column_text][\/vc_column][\/vc_row][vc_row css=\u00bb.vc_custom_1724521804683{margin-bottom: 32px !important;}\u00bb][vc_column width=\u00bb1\/3&#8243;][vc_btn title=\u00bb\u00bb shape=\u00bbround\u00bb i_icon_fontawesome=\u00bbfas fa-times\u00bb css=\u00bb\u00bb add_icon=\u00bbtrue\u00bb link=\u00bburl:https%3A%2F%2FTO_REPLACE%2Fartistes%2F|title:Artistas|\u00bb el_class=\u00bbgo-back-mobile\u00bb][vc_single_image image=\u00bb1073&#8243; img_size=\u00bb600&#215;600&#8243; css=\u00bb\u00bb][\/vc_column][vc_column width=\u00bb2\/3&#8243; el_class=\u00bbartist-description\u00bb][vc_btn title=\u00bb\u00bb shape=\u00bbround\u00bb i_icon_fontawesome=\u00bbfas fa-times\u00bb css=\u00bb\u00bb add_icon=\u00bbtrue\u00bb link=\u00bburl:https%3A%2F%2FTO_REPLACE%2Fartistes%2F|title:Artistas|\u00bb el_class=\u00bbgo-back\u00bb][vc_column_text css=\u00bb\u00bb el_class=\u00bbartist\u00bb]\r\n<h1>Ramon Herreros<\/h1>\r\n[\/vc_column_text][vc_column_text css=\u00bb\u00bb]Formado en la Escuela Massana entre 1962 y 1967 \u2014donde estudi\u00f3 pintura y cer\u00e1mica\u2014, Herreros complet\u00f3 aquellos a\u00f1os de aprendizaje en el Cercle Art\u00edstic de Sant Lluc y en la Academia T\u00e1rrega. En 1967 se incorpor\u00f3 a la primera promoci\u00f3n de la escuela de dise\u00f1o EINA, fundada por figuras como Alexander Cirici Pellicer y Albert R\u00e0fols-Casamada, y ese mismo a\u00f1o constituy\u00f3, junto con Alexandre Tornabell, Jos\u00e9 Luis Jubany y Jordi Morera, el Equip A, un colectivo que se mantuvo activo hasta los primeros a\u00f1os setenta. \r\n\r\nAunque nunca dej\u00f3 de dibujar ni de hacer fotograf\u00eda, no volvi\u00f3 plenamente a la pintura hasta 1980. En octubre de 1982 realiz\u00f3 su primera exposici\u00f3n individual en la Galer\u00eda Ciento de Barcelona, un punto de inflexi\u00f3n que consolid\u00f3 un lenguaje propio. \r\n\r\nSu obra, inicialmente marcada por un simbolismo abstracto muy personal y reconocible, fue evolucionando de manera pausada pero constante hacia una figuraci\u00f3n depurada. En 1996 sorprendi\u00f3 a cr\u00edtica y p\u00fablico con una cu\u00e1druple exposici\u00f3n en Barcelona \u2014Galer\u00edas Senda, Ren\u00e9 Metras, Gaspar y Boza Editor\u2014 donde present\u00f3 sus primeras pinturas figurativas: un camino nuevo que un\u00eda su escritura pict\u00f3rica cl\u00e1sica \u2014transparencias, matices crom\u00e1ticos singulares\u2014 con una representaci\u00f3n no naturalista de cuerpos femeninos, monta\u00f1as y \u00e1rboles. \r\n\r\nDesde entonces, Herreros ha profundizado en un universo donde la figura, la arquitectura y la forma org\u00e1nica conviven con una austeridad expresiva que invita al silencio y la contemplaci\u00f3n. La tensi\u00f3n entre gesto y estructura, entre veladura y luz, entre presencia y distancia, otorga a su pintura un car\u00e1cter metaf\u00edsico y atemporal. \r\n\r\nSus obras forman parte de diversos museos y colecciones privadas, y su trayectoria, sostenida a lo largo de d\u00e9cadas, mantiene una coherencia formal y conceptual ejemplar. Desde su taller en Barcelona, contin\u00faa una b\u00fasqueda que, m\u00e1s que estil\u00edstica, es una manera de habitar el tiempo: mirar, destilar, pintar. \r\n\r\n<a href=\"https:\/\/ramonherreros.blogspot.com\/\">Blog personal de Ramon Herreros<\/a>[\/vc_column_text][\/vc_column][\/vc_row][vc_row][vc_column][vc_masonry_media_grid css=\u00bb\u00bb grid_id=\u00bbvc_gid:1762774982214-87b3bdb2-3bb1-7&#8243; include=\u00bb1053,1049,1045&#8243;][\/vc_column][\/vc_row]<\/div>","protected":false},"excerpt":{"rendered":"Ramon Herreros es un pintor barcelon\u00e9s que desarrolla un lenguaje propio entre la abstracci\u00f3n y la figuraci\u00f3n. Su obra se caracteriza por la precisi\u00f3n del trazo, la serenidad de las formas y una b\u00fasqueda constante de equilibrio entre estructura y emoci\u00f3n. ","protected":false},"featured_media":1076,"parent":0,"menu_order":0,"comment_status":"closed","ping_status":"closed","template":"","tags":[],"class_list":["post-1081","portfolio","type-portfolio","status-publish","has-post-thumbnail","hentry"],"acf":[],"_links":{"self":[{"href":"https:\/\/elprincipaldecorsega.com\/es\/wp-json\/wp\/v2\/portfolio\/1081","targetHints":{"allow":["GET"]}}],"collection":[{"href":"https:\/\/elprincipaldecorsega.com\/es\/wp-json\/wp\/v2\/portfolio"}],"about":[{"href":"https:\/\/elprincipaldecorsega.com\/es\/wp-json\/wp\/v2\/types\/portfolio"}],"replies":[{"embeddable":true,"href":"https:\/\/elprincipaldecorsega.com\/es\/wp-json\/wp\/v2\/comments?post=1081"}],"version-history":[{"count":2,"href":"https:\/\/elprincipaldecorsega.com\/es\/wp-json\/wp\/v2\/portfolio\/1081\/revisions"}],"predecessor-version":[{"id":1083,"href":"https:\/\/elprincipaldecorsega.com\/es\/wp-json\/wp\/v2\/portfolio\/1081\/revisions\/1083"}],"wp:featuredmedia":[{"embeddable":true,"href":"https:\/\/elprincipaldecorsega.com\/es\/wp-json\/wp\/v2\/media\/1076"}],"wp:attachment":[{"href":"https:\/\/elprincipaldecorsega.com\/es\/wp-json\/wp\/v2\/media?parent=1081"}],"wp:term":[{"taxonomy":"post_tag","embeddable":true,"href":"https:\/\/elprincipaldecorsega.com\/es\/wp-json\/wp\/v2\/tags?post=1081"}],"curies":[{"name":"wp","href":"https:\/\/api.w.org\/{rel}","templated":true}]}}