
{"id":320,"date":"2024-08-15T11:21:48","date_gmt":"2024-08-15T11:21:48","guid":{"rendered":"https:\/\/elprincipaldecorsega.com\/\/by-sonia-villegas\/"},"modified":"2025-05-14T11:43:44","modified_gmt":"2025-05-14T11:43:44","slug":"by-sonia-villegas","status":"publish","type":"page","link":"https:\/\/elprincipaldecorsega.com\/es\/by-sonia-villegas\/","title":{"rendered":"By Sonia Villegas"},"content":{"rendered":"<div class=\"wpb-content-wrapper\">[vc_row][vc_column][vc_column_text]\r\n<h1>By Sonia Villegas<\/h1>\r\n[\/vc_column_text][\/vc_column][\/vc_row][vc_row][vc_column width=\u00bb2\/3&#8243;][vc_row_inner css=\u00bb.vc_custom_1725481694839{background-image: url(https:\/\/elprincipaldecorsega.com\/\/wp-content\/uploads\/2024\/09\/bysonia-cmpr-scaled.jpg?id=263) !important;background-position: center !important;background-repeat: no-repeat !important;background-size: cover !important;}\u00bb el_class=\u00bbimage-gradient\u00bb][vc_column_inner][vc_column_text css=\u00bb\u00bb]S\u00f2nia Villegas (Barcelona, 1968) es una destacada profesional en el \u00e1mbito del arte y la gesti\u00f3n cultural, con una amplia trayectoria en instituciones de renombre como la Fundaci\u00f3 Joan Mir\u00f3 y el Museu Picasso de Barcelona. Con una s\u00f3lida formaci\u00f3n acad\u00e9mica y una experiencia internacional, ha liderado proyectos emblem\u00e1ticos y ha contribuido de manera significativa al mundo del arte contempor\u00e1neo.[\/vc_column_text][\/vc_column_inner][\/vc_row_inner][vc_row_inner css=\u00bb.vc_custom_1725892563015{margin-bottom: 32px !important;}\u00bb][vc_column_inner][vc_column_text css=\u00bb\u00bb]Desde 2018 hasta 2023, S\u00f2nia Villegas ha sido Coordinadora General del \u00c1rea Art\u00edstica de la Fundaci\u00f3 Joan Mir\u00f3-CEAC de Barcelona. De ella depend\u00edan cinco grandes departamentos: Colecciones, Restauraci\u00f3n, Exposiciones, Publicaciones y Programas P\u00fablicos y Educaci\u00f3n, adem\u00e1s de la oficina de exposiciones itinerantes de la Fundaci\u00f3. Hasta 2017 y durante diez a\u00f1os ejerci\u00f3 de Conservadora de Colecciones y Exposiciones en dicha fundaci\u00f3n y como Coordinadora de la C\u00e1tedra Mir\u00f3 y del International Mir\u00f3 Research Group.  \n\nAntes de su etapa en la Fundaci\u00f3 Joan Mir\u00f3, fue Conservadora-Jefe en el Museu Picasso de Barcelona (hasta 2009), donde trabaj\u00f3 durante quince a\u00f1os como responsable de programaci\u00f3n, colecciones e investigaci\u00f3n, as\u00ed como de coordinadora de exposiciones temporales tanto a nivel nacional como internacional.\n\nEs licenciada en Historia del Arte por la Universidad de Barcelona (UB) y por la Universit\u00e9 Paris IV-Sorbonne, M\u00e1ster en Gesti\u00f3n Cultural por la Universidad de Barcelona (UB-Fundaci\u00f3 Bosch i Gimpera) y doctoranda en Historia del Arte por la Universidad de Barcelona (UB). Tambi\u00e9n posee el grado superior de M\u00fasica por el Conservatori Superior de M\u00fasica del Liceu de Barcelona. \n\nHa comisariado exposiciones para diversas instituciones \u2014entre las que destaca la exposici\u00f3n \u201cJean Dubuffet\u201d en la Galer\u00eda Marc Dom\u00e8nech, que obtuvo el premio ACCA en 2015\u2014 y ha sido profesora del M\u00e1ster en Gesti\u00f3n de Instituciones Culturales de la Universitat Internacional de Catalunya (UIC) durante cinco a\u00f1os. Es autora de numerosos art\u00edculos sobre arte, en particular sobre la obra de Pablo Picasso, Joan Mir\u00f3 y sus contempor\u00e1neos, incluidos en libros, cat\u00e1logos de exposiciones, revistas y otras publicaciones especializadas. \n\nSu trabajo m\u00e1s reciente y destacado ha sido el comisariado y la coordinaci\u00f3n general de \u201cMir\u00f3-Picasso\u201d, exposici\u00f3n celebrada simult\u00e1neamente en la Fundaci\u00f3 Joan Mir\u00f3 y el Museu Picasso de Barcelona en el oto\u00f1o-invierno de 2023-2024, y galardonada con los premios ACCA, GAC y TimeOut de Cultura.\n\nHa sido jurado de diversos premios, entre ellos el Premio y Beca Pilar Juncosa y Sotheby\u2019s de investigaci\u00f3n sobre Mir\u00f3 y su contexto art\u00edstico-cultural 2024, organizado por Mir\u00f3 Mallorca.\n\nEs miembro del ICOM (International Council of Museums), el ICEE (International Committee for Exhibition Exchange), el CIMAM (International Committee for Museums and Collections of Modern Art) y el IEO (International Exhibitions Organisers).[\/vc_column_text][\/vc_column_inner][\/vc_row_inner][\/vc_column][vc_column width=\u00bb1\/3&#8243; css=\u00bb.vc_custom_1724518940454{padding-top: 20px !important;padding-right: 20px !important;padding-bottom: 20px !important;padding-left: 20px !important;background-color: #f8eee3 !important;}\u00bb el_class=\u00bborange-aside\u00bb][vc_column_text css=\u00bb\u00bb]<strong>Coordinadora General del \u00c1rea Art\u00edstica de la Fundaci\u00f3 Joan Mir\u00f3 (2018-2023).<\/strong> Responsable de todos los departamentos art\u00edsticos y de la oficina de exposiciones itinerantes.[\/vc_column_text][vc_empty_space][vc_column_text css=\u00bb\u00bb]<strong>Comisaria y coordinadora general de la exposici\u00f3n \u201cMir\u00f3-Picasso\u201d (2023-2024)<\/strong>, proyecto galardonado con los premios ACCA, GAC y TimeOut de Cultura.[\/vc_column_text][vc_empty_space][vc_column_text css=\u00bb\u00bb]<strong>Conservadora de Colecciones y Coordinadora de Exposiciones en la Fundaci\u00f3 Joan Mir\u00f3 (2007-2017).<\/strong> Coordinadora asimismo de la C\u00e1tedra Mir\u00f3 y del International Mir\u00f3 Research Group.[\/vc_column_text][vc_empty_space][vc_column_text css=\u00bb\u00bb]<strong>Conservadora-Jefe del Museu Picasso de Barcelona (1994-2009).<\/strong> Quince a\u00f1os de experiencia en programaci\u00f3n de arte, gesti\u00f3n de colecciones e investigaci\u00f3n, as\u00ed como en coordinaci\u00f3n de exposiciones temporales.[\/vc_column_text][vc_empty_space][vc_column_text css=\u00bb\u00bb]<strong>Comisaria freelance de exposiciones de arte.<\/strong> Destaca la exposici\u00f3n \u201cJean Dubuffet\u201d en la Galer\u00eda Marc Dom\u00e8nech, ganadora del premio ACCA 2015.[\/vc_column_text][\/vc_column][\/vc_row]<\/div>","protected":false},"excerpt":{"rendered":"[vc_row][vc_column][vc_column_text] By Sonia Villegas [\/vc_column_text][\/vc_column][\/vc_row][vc_row][vc_column width=\u00bb2\/3&#8243;][vc_row_inner css=\u00bb.vc_custom_1725481694839{background-image: url(https:\/\/elprincipaldecorsega.com\/\/wp-content\/uploads\/2024\/09\/bysonia-cmpr-scaled.jpg?id=263) !important;background-position: center !important;background-repeat: no-repeat !important;background-size: cover !important;}\u00bb el_class=\u00bbimage-gradient\u00bb][vc_column_inner][vc_column_text css=\u00bb\u00bb]S\u00f2nia Villegas (Barcelona, 1968) es una destacada profesional en el \u00e1mbito del arte y la gesti\u00f3n cultural, con una amplia trayectoria en instituciones de renombre como la Fundaci\u00f3 Joan Mir\u00f3 y el Museu Picasso de Barcelona. Con una s\u00f3lida&hellip;","protected":false},"author":1,"featured_media":0,"parent":0,"menu_order":0,"comment_status":"closed","ping_status":"closed","template":"","meta":{"_acf_changed":false,"_monsterinsights_skip_tracking":false,"_monsterinsights_sitenote_active":false,"_monsterinsights_sitenote_note":"","_monsterinsights_sitenote_category":0,"footnotes":""},"class_list":["post-320","page","type-page","status-publish","hentry"],"acf":[],"_links":{"self":[{"href":"https:\/\/elprincipaldecorsega.com\/es\/wp-json\/wp\/v2\/pages\/320","targetHints":{"allow":["GET"]}}],"collection":[{"href":"https:\/\/elprincipaldecorsega.com\/es\/wp-json\/wp\/v2\/pages"}],"about":[{"href":"https:\/\/elprincipaldecorsega.com\/es\/wp-json\/wp\/v2\/types\/page"}],"author":[{"embeddable":true,"href":"https:\/\/elprincipaldecorsega.com\/es\/wp-json\/wp\/v2\/users\/1"}],"replies":[{"embeddable":true,"href":"https:\/\/elprincipaldecorsega.com\/es\/wp-json\/wp\/v2\/comments?post=320"}],"version-history":[{"count":15,"href":"https:\/\/elprincipaldecorsega.com\/es\/wp-json\/wp\/v2\/pages\/320\/revisions"}],"predecessor-version":[{"id":884,"href":"https:\/\/elprincipaldecorsega.com\/es\/wp-json\/wp\/v2\/pages\/320\/revisions\/884"}],"wp:attachment":[{"href":"https:\/\/elprincipaldecorsega.com\/es\/wp-json\/wp\/v2\/media?parent=320"}],"curies":[{"name":"wp","href":"https:\/\/api.w.org\/{rel}","templated":true}]}}